{"id":205,"date":"2023-10-24T14:57:55","date_gmt":"2023-10-24T14:57:55","guid":{"rendered":"http:\/\/authleticwear\/?page_id=205"},"modified":"2024-07-01T14:43:47","modified_gmt":"2024-07-01T14:43:47","slug":"terms-and-conditions","status":"publish","type":"page","link":"https:\/\/authleticwear.com\/hu\/terms-and-conditions\/","title":{"rendered":"Felt\u00e9telek \u00e9s felt\u00e9telek"},"content":{"rendered":"<p>\u00dcdv\u00f6z\u00f6lj\u00fck az authleticwear.com\/hu weboldalon, amelyet az AUTHLETIC d.o.o., Zapotok 123b, 1292 Ig, SI-Szlov\u00e9nia (a tov\u00e1bbiakban: a v\u00e1llalat) \u00fczemeltet.<\/p>\n<p>A jelen \u00c1ltal\u00e1nos Szerz\u0151d\u00e9si Felt\u00e9telek az authleticwear.com\/hu oldalon el\u00e9rhet\u0151 online \u00fczletben (a tov\u00e1bbiakban: Weboldal) lehet\u0151v\u00e9 tett valamennyi tev\u00e9kenys\u00e9gre vonatkoznak. Az \u00c1ltal\u00e1nos Szerz\u0151d\u00e9si Felt\u00e9telek minden Felhaszn\u00e1l\u00f3ra n\u00e9zve k\u00f6telez\u0151 \u00e9rv\u00e9ny\u0171ek. K\u00e9rj\u00fck, olvassa el figyelmesen az \u00c1ltal\u00e1nos Szerz\u0151d\u00e9si Felt\u00e9teleket. Amennyiben \u00d6n r\u00e9szben vagy eg\u00e9szben nem \u00e9rt egyet az \u00c1ltal\u00e1nos Szerz\u0151d\u00e9si Felt\u00e9telekkel, nem haszn\u00e1lhatja a Weboldalunkat. Az \u00c1ltal\u00e1nos Szerz\u0151d\u00e9si Felt\u00e9telek az \u00d6n \u00e9s a T\u00e1rsas\u00e1g k\u00f6z\u00f6tti szerz\u0151d\u00e9st k\u00e9pezik.<\/p>\n<p>A Webhelyet &#8222;\u00fagy, ahogy van&#8221; ny\u00fajtjuk, \u00e9s a V\u00e1llalat nem v\u00e1llal semmilyen kifejezett vagy hallgat\u00f3lagos garanci\u00e1t a Webhelyen k\u00edn\u00e1lt term\u00e9kek jogc\u00edm\u00e9re, forgalomk\u00e9pess\u00e9g\u00e9re vagy b\u00e1rmilyen c\u00e9lra val\u00f3 alkalmass\u00e1g\u00e1ra vonatkoz\u00f3an.<\/p>\n<p>A Weboldal tulajdonosa \u00e9sszer\u0171 gondoss\u00e1ggal biztos\u00edtja, hogy a Weboldalon tal\u00e1lhat\u00f3 inform\u00e1ci\u00f3k pontosak \u00e9s naprak\u00e9szek legyenek. Ugyanakkor a Weboldal Tulajdonosa fenntartja a jogot, hogy a Weboldal tartalm\u00e1t b\u00e1rmikor, el\u0151zetes \u00e9rtes\u00edt\u00e9s n\u00e9lk\u00fcl m\u00f3dos\u00edtsa vagy megsz\u00fcntesse. A Weboldal Tulajdonosa a Weboldalon le\u00edrt szolg\u00e1ltat\u00e1sokat, term\u00e9keket, \u00e1rakat vagy programokat is b\u00e1rmikor, el\u0151zetes \u00e9rtes\u00edt\u00e9s n\u00e9lk\u00fcl megv\u00e1ltoztathatja.<\/p>\n<h3>MEGHAT\u00c1ROZ\u00c1SOK<\/h3>\n<p>A T\u00e1rsas\u00e1g az AUTHLETIC d.o.o., Zapotok 123b, 1292 Ig, SI-Slovenia, amely az authleticwear.com\/hu weboldal tulajdonosa \u00e9s \u00fczemeltet\u0151je.<\/p>\n<p>A \u02ddWeboldal\u02dd a https:\/\/authleticwear.com\/hu c\u00edmen el\u00e9rhet\u0151 weboldalt jelenti, amelyet a v\u00e1llalat \u00fczemeltet, \u00e9s ahol az online bolt m\u0171k\u00f6dik.<\/p>\n<p>\u02ddFelhaszn\u00e1l\u00f3\u02dd: minden term\u00e9szetes szem\u00e9ly, aki a weboldalt haszn\u00e1lja.<\/p>\n<p>\u02ddV\u00e1s\u00e1rl\u00f3\u02dd, \u02dd\u00d6n\u00f6k\u02dd vagy \u02dd\u00d6n\u00f6k\u02dd b\u00e1rmely term\u00e9szetes szem\u00e9ly, aki az online boltban v\u00e1s\u00e1rol.<\/p>\n<p>\u02ddFogyaszt\u00f3\u02dd az a term\u00e9szetes szem\u00e9ly, aki \u00e1rukat \u00e9s szolg\u00e1ltat\u00e1sokat szakmai vagy keres\u0151tev\u00e9kenys\u00e9g\u00e9n k\u00edv\u00fcli c\u00e9lokra v\u00e1s\u00e1rol vagy haszn\u00e1l. A jelen \u00c1ltal\u00e1nos Szerz\u0151d\u00e9si Felt\u00e9telek \u00e9rtelm\u00e9ben minden V\u00e1s\u00e1rl\u00f3 egyben Fogyaszt\u00f3 is.<\/p>\n<p>Adatv\u00e9delmi szab\u00e1lyzat&#8221;: az a dokumentum, amelyben a szem\u00e9lyes adatoknak a Weboldalon t\u00f6rt\u00e9n\u0151 feldolgoz\u00e1s\u00e1ra vonatkoz\u00f3 valamennyi inform\u00e1ci\u00f3 el\u00e9rhet\u0151. A dokumentum <a href=\"https:\/\/authleticwear.com\/hu\/privacy-policy\/\">el\u00e9rhet\u0151 itt<\/a>.<\/p>\n<h3>AUTHLETICWEAR.COM\/HU ONLINE SHOP<\/h3>\n<p>Az \u00c1ltal\u00e1nos Szerz\u0151d\u00e9si Felt\u00e9telek szab\u00e1lyozz\u00e1k a web\u00e1ruh\u00e1z m\u0171k\u00f6d\u00e9s\u00e9t, a felhaszn\u00e1l\u00f3 \u00e9s a web\u00e1ruh\u00e1z jogait \u00e9s k\u00f6telezetts\u00e9geit, valamint szab\u00e1lyozz\u00e1k a web\u00e1ruh\u00e1z \u00e9s a v\u00e1s\u00e1rl\u00f3 k\u00f6z\u00f6tti \u00fczleti kapcsolatot. A V\u00e1s\u00e1rl\u00f3t az \u00c1ltal\u00e1nos Szerz\u0151d\u00e9si Felt\u00e9telek a v\u00e1s\u00e1rl\u00e1s (online megrendel\u00e9s lead\u00e1sa) id\u0151pontj\u00e1ban \u00e9rv\u00e9nyesek. A Felhaszn\u00e1l\u00f3 minden alkalommal a megrendel\u00e9s lead\u00e1sakor eml\u00e9keztet az \u00c1ltal\u00e1nos Szerz\u0151d\u00e9si Felt\u00e9telekre, \u00e9s a megrendel\u00e9s lead\u00e1s\u00e1val meger\u0151s\u00edti, hogy megismerte azokat.<\/p>\n<p>Az \u00c1ltal\u00e1nos Szerz\u0151d\u00e9si Felt\u00e9telek meger\u0151s\u00edt\u00e9se az online \u00e1ruh\u00e1zunkon kereszt\u00fcl t\u00f6rt\u00e9n\u0151 megrendel\u00e9s lead\u00e1sakor k\u00f6telez\u0151 \u00e9rv\u00e9ny\u0171 szerz\u0151d\u00e9st jelent \u00d6n \u00e9s a v\u00e1llalat k\u00f6z\u00f6tt. Javasoljuk, hogy a megrendel\u00e9s meger\u0151s\u00edt\u00e9se el\u0151tt r\u00e9szletesen olvassa el az \u00c1ltal\u00e1nos Szerz\u0151d\u00e9si Felt\u00e9teleket. Az \u00e1ltal\u00e1nos szerz\u0151d\u00e9si felt\u00e9teleinkkel val\u00f3 egyet nem \u00e9rt\u00e9s azt jelenti, hogy \u00d6n nem veheti ig\u00e9nybe online \u00e1ruh\u00e1zunk szolg\u00e1ltat\u00e1sait. Az \u00e1ltal\u00e1nos szerz\u0151d\u00e9si felt\u00e9telek r\u00e9szleges elfogad\u00e1sa szint\u00e9n nem lehets\u00e9ges. A v\u00e1s\u00e1rl\u00e1shoz \u00d6n k\u00f6teles az \u00e1ltal\u00e1nos szerz\u0151d\u00e9si felt\u00e9teleket teljes eg\u00e9sz\u00e9ben elfogadni, ahogyan azok a v\u00e1s\u00e1rl\u00e1s id\u0151pontj\u00e1ban \u00e9rv\u00e9nyesek.<\/p>\n<h3>1. Az online \u00e1ruh\u00e1z haszn\u00e1lata<\/h3>\n<p>A v\u00e1llalat az online \u00e1ruh\u00e1zat az \u00c1ltal\u00e1nos Szerz\u0151d\u00e9si Felt\u00e9telek szerint \u00fczemelteti. Az online \u00e1ruh\u00e1z a V\u00e1s\u00e1rl\u00f3k sz\u00e1m\u00e1ra mindenkor el\u00e9rhet\u0151, figyelemmel a T\u00e1rsas\u00e1g azon jog\u00e1ra, hogy az online \u00e1ruh\u00e1zat el\u0151zetes \u00e9rtes\u00edt\u00e9s n\u00e9lk\u00fcl felf\u00fcggessze vagy bez\u00e1rja.<\/p>\n<p>Az Online Shop karbantart\u00e1sa \u00e9s friss\u00edt\u00e9se miatt el\u0151fordulhat, hogy az Online Shop \u00e1tmenetileg nem el\u00e9rhet\u0151, vagy a fizet\u00e9sek teljes\u00edt\u00e9se \u00e1tmenetileg nem lehets\u00e9ges. A T\u00e1rsas\u00e1g nem v\u00e1llal felel\u0151ss\u00e9get az \u00d6nt az Online Shop karbantart\u00e1sa \u00e9s\/vagy friss\u00edt\u00e9se sor\u00e1n \u00e9rt k\u00e1rok\u00e9rt.<\/p>\n<h3>2. V\u00e1s\u00e1rl\u00e1s az online \u00e1ruh\u00e1zban<\/h3>\n<p>A Szolg\u00e1ltat\u00f3 \u00e9s a Vev\u0151 k\u00f6z\u00f6tti ad\u00e1sv\u00e9teli szerz\u0151d\u00e9s abban a pillanatban j\u00f6n l\u00e9tre, amikor a Vev\u0151 meger\u0151s\u00edti a megrendel\u00e9st (a Vev\u0151 kap egy e-mailt &#8222;Megrendel\u00e9s meger\u0151s\u00edtve&#8221; st\u00e1tusszal). Ett\u0151l a pillanatt\u00f3l kezdve a v\u00e1s\u00e1rl\u00e1s minden \u00e1ra \u00e9s egy\u00e9b felt\u00e9tele r\u00f6gz\u00edtett, \u00e9s mind a Szolg\u00e1ltat\u00f3ra, mind a Vev\u0151re vonatkozik. Az ad\u00e1sv\u00e9teli szerz\u0151d\u00e9s elektronikusan t\u00e1rol\u00f3dik a v\u00e1llalat szerver\u00e9n.<\/p>\n<p><strong>V\u00e1s\u00e1rl\u00e1si elj\u00e1r\u00e1s:<\/strong><\/p>\n<p><strong>L\u00e9p\u00e9s<\/strong>: A vev\u0151 kiv\u00e1lasztja a k\u00edv\u00e1nt term\u00e9ket \u00e9s a k\u00edv\u00e1nt mennyis\u00e9get az online \u00e1ruh\u00e1z k\u00edn\u00e1lat\u00e1ban, \u00e9s a &#8222;Kos\u00e1rba helyez\u00e9s&#8221; gombra kattintva meger\u0151s\u00edti a v\u00e1laszt\u00e1st. T\u00f6bb k\u00fcl\u00f6nb\u00f6z\u0151 term\u00e9k v\u00e1s\u00e1rl\u00e1sa eset\u00e9n a folyamat minden egyes term\u00e9kn\u00e9l megism\u00e9telhet\u0151. Miut\u00e1n a t\u00e9telek \u00f6sszegy\u0171jt\u00e9se befejez\u0151d\u00f6tt, a v\u00e1s\u00e1rl\u00f3 a &#8222;P\u00e9nzt\u00e1r&#8221; gombra kattintva folytatja a v\u00e1s\u00e1rl\u00e1si folyamatot.<br \/>\n<strong>Szakasz<\/strong>: Ebben a l\u00e9p\u00e9sben a v\u00e1s\u00e1rl\u00f3 kit\u00f6lt egy \u0171rlapot a k\u00edv\u00e1nt rendel\u00e9s kisz\u00e1ll\u00edt\u00e1s\u00e1hoz sz\u00fcks\u00e9ges szem\u00e9lyes adatokkal. Az \u0171rlap kit\u00f6lt\u00e9se ut\u00e1n a v\u00e1s\u00e1rl\u00f3 bizonyos esetekben t\u00f6bbf\u00e9le sz\u00e1ll\u00edt\u00e1si m\u00f3dot is v\u00e1laszthat, \u00e9s tov\u00e1bbi term\u00e9keket vagy szolg\u00e1ltat\u00e1sokat adhat hozz\u00e1 a megrendel\u00e9shez. A V\u00e1s\u00e1rl\u00f3t ebben a l\u00e9p\u00e9sben t\u00e1j\u00e9koztatj\u00e1k a sz\u00e1ll\u00edt\u00e1s v\u00e1rhat\u00f3 id\u0151pontj\u00e1r\u00f3l is. A v\u00e1s\u00e1rl\u00e1s befejez\u00e9se el\u0151tt a v\u00e1s\u00e1rl\u00f3nak lehet\u0151s\u00e9ge van k\u00fcl\u00f6nb\u00f6z\u0151 fizet\u00e9si m\u00f3dok k\u00f6z\u00fcl v\u00e1lasztani. A v\u00e1laszt\u00e1st\u00f3l f\u00fcgg\u0151en a v\u00e1s\u00e1rl\u00e1s befejez\u00e9se el\u0151tt a Vev\u0151 sz\u00e1m\u00e1ra \u00fajrasz\u00e1m\u00edt\u00e1sra ker\u00fcl a megrendel\u00e9s v\u00e9gs\u0151 \u00e9rt\u00e9ke, amelyet ki kell fizetnie. A Vev\u0151 a &#8222;Megrendel\u00e9s lead\u00e1sa&#8221; gombra kattintva fejezi be a v\u00e1s\u00e1rl\u00e1si folyamatot.<br \/>\n<strong>L\u00e9p\u00e9s<\/strong>: A v\u00e1s\u00e1rl\u00e1s befejez\u00e9s\u00e9t k\u00f6vet\u0151en a weboldalon megjelenik egy visszaigazol\u00f3 \u00fczenet a Vev\u0151 sz\u00e1m\u00e1ra, amely a leadott rendel\u00e9s r\u00e9szleteivel egy\u00fctt jelzi, hogy a rendel\u00e9s sikeresen lead\u00e1sra ker\u00fclt. A Vev\u0151 a 2. pontban megadott e-mail c\u00edmre egy visszaigazol\u00f3 e-mailt is kap, amely tartalmazza a megrendel\u00e9s \u00f6sszegz\u00e9s\u00e9t, a megrendelt term\u00e9kek haszn\u00e1lat\u00e1ra vonatkoz\u00f3 utas\u00edt\u00e1sokat, valamint a v\u00e1s\u00e1rl\u00e1st\u00f3l val\u00f3 el\u00e1ll\u00e1sra vagy reklam\u00e1ci\u00f3ra vonatkoz\u00f3 utas\u00edt\u00e1sokat, ha a Vev\u0151 nem el\u00e9gedett a term\u00e9kkel, vagy nem k\u00edv\u00e1nja azt tov\u00e1bb haszn\u00e1lni.<\/p>\n<p>A megrendel\u00e9s teljes\u00edt\u00e9se sor\u00e1n megadott minden adatot az adatv\u00e9delmi szab\u00e1lyzatunk szerint kezel\u00fcnk, amelyet a weboldal alj\u00e1n tal\u00e1lhat\u00f3 &#8222;Adatv\u00e9delmi szab\u00e1lyzat&#8221; f\u00fcl\u00f6n tesz\u00fcnk k\u00f6zz\u00e9.<\/p>\n<p>K\u00e9rj\u00fck, vegye figyelembe, hogy a megrendel\u00e9s visszaigazol\u00e1sakor a kiv\u00e1lasztott v\u00e1s\u00e1rl\u00e1s teljes \u00f6sszeg\u00e9t felsz\u00e1m\u00edtjuk \u00d6nnek, bele\u00e9rtve a v\u00e1s\u00e1rl\u00e1sra alkalmazott sz\u00e1ll\u00edt\u00e1si vagy egy\u00e9b d\u00edjakat is. A v\u00e1s\u00e1rl\u00e1s befejez\u00e9se el\u0151tt t\u00e1j\u00e9koztatjuk \u00d6nt az esetleges tov\u00e1bbi d\u00edjakr\u00f3l. A tov\u00e1bbi d\u00edjak az \u00d6n \u00e1ltal v\u00e1lasztott fizet\u00e9si m\u00f3dhoz is kapcsol\u00f3dhatnak.<\/p>\n<h3>3. \u00c1rak, fizet\u00e9si m\u00f3dok \u00e9s akci\u00f3k<\/h3>\n<p><strong>\u00c1rak<\/strong><\/p>\n<p>A Weboldalon felt\u00fcntetett \u00e1rak eur\u00f3ban \u00e9rtend\u0151k, \u00e9s tartalmazz\u00e1k az \u00c1FA-t. Az \u00e1rak a megrendel\u00e9s lead\u00e1s\u00e1nak id\u0151pontj\u00e1ban \u00e9rv\u00e9nyesek. Az aj\u00e1nlat visszavon\u00e1sig \u00e9rv\u00e9nyes.<\/p>\n<p>FIGYELMEZTET\u00c9S: Ez az online \u00e1ruh\u00e1z kiz\u00e1r\u00f3lag v\u00e9gs\u0151 fogyaszt\u00f3knak sz\u00e1nt online kiskereskedelmi \u00fczlet (B2C). Ez\u00e9rt a Weboldalon kereszt\u00fcl nem k\u00edn\u00e1lunk lehet\u0151s\u00e9get jogi szem\u00e9lyek r\u00e9sz\u00e9re t\u00f6rt\u00e9n\u0151 \u00e9rt\u00e9kes\u00edt\u00e9sre (B2B), \u00e9s ez\u00e9rt nem k\u00edn\u00e1lunk lehet\u0151s\u00e9get jogi szem\u00e9lyek r\u00e9sz\u00e9re t\u00f6rt\u00e9n\u0151 sz\u00e1ml\u00e1z\u00e1sra. Ez azt is jelenti, hogy a term\u00e9szetes szem\u00e9ly \u00e1ltal jogi szem\u00e9lynek ki\u00e1ll\u00edtott sz\u00e1ml\u00e1k ut\u00f3lagos korrekci\u00f3ja szint\u00e9n nem lehets\u00e9ges, mivel az \u00e9rt\u00e9kes\u00edt\u00e9si \u00fcgylet kiz\u00e1r\u00f3lag term\u00e9szetes szem\u00e9llyel j\u00f6n l\u00e9tre.<\/p>\n<p>Amennyiben B2B kapcsolatot k\u00edv\u00e1n l\u00e9tes\u00edteni c\u00e9g\u00fcnkkel \u00e9s nagyobb mennyis\u00e9g\u0171 term\u00e9ket (teljes csomag\/karton) szeretne v\u00e1s\u00e1rolni, k\u00e9rj\u00fck, vegye fel a kapcsolatot nagykereskedelmi r\u00e9szleg\u00fcnkkel a support@authleticwear.com c\u00edmen.<\/p>\n<p><strong>Fizet\u00e9si m\u00f3dok<\/strong><\/p>\n<p>A web\u00e1ruh\u00e1z a k\u00f6vetkez\u0151 fizet\u00e9si m\u00f3dokat teszi lehet\u0151v\u00e9:<\/p>\n<p>Ut\u00e1nv\u00e9tel &#8211; a vev\u0151 k\u00e9szp\u00e9nzzel vagy bankk\u00e1rty\u00e1val fizet a sz\u00e1ll\u00edt\u00f3nak, amikor a sz\u00e1ll\u00edt\u00f3 a megrendelt \u00e1rut a vev\u0151 c\u00edm\u00e9re sz\u00e1ll\u00edtja;<br \/>\nBankk\u00e1rty\u00e1val t\u00f6rt\u00e9n\u0151 fizet\u00e9s;<br \/>\nPaypal;<\/p>\n<p>A T\u00e1rsas\u00e1g fenntartja a jogot, hogy a v\u00e1lasztott fizet\u00e9si m\u00f3dot hiteles\u00edt\u00e9ssel ellen\u0151rizze. Fenntartjuk tov\u00e1bb\u00e1 a jogot, hogy a fizet\u00e9si m\u00f3dot tov\u00e1bb ellen\u0151rizz\u00fck az\u00e1ltal, hogy a fizet\u00e9st igazol\u00f3 bizonylatot k\u00e9r\u00fcnk \u00d6nt\u0151l.<\/p>\n<p>\u00d6n tudom\u00e1sul veszi, hogy az \u00d6n \u00e1ltal v\u00e1lasztott fizet\u00e9si m\u00f3ddal a megrendel\u00e9s teljes k\u00f6lts\u00e9g\u00e9t (bele\u00e9rtve a tranzakci\u00f3val \u00e9s mag\u00e1val a sz\u00e1ll\u00edt\u00e1ssal kapcsolatos k\u00f6lts\u00e9geket is) k\u00f6teles megfizetni. \u00d6n szavatolja, hogy k\u00e9pes \u00e9s jogosult a hitelk\u00e1rty\u00e1val vagy b\u00e1rmely m\u00e1s, \u00d6n \u00e1ltal v\u00e1lasztott fizet\u00e9si m\u00f3ddal t\u00f6rt\u00e9n\u0151 tranzakci\u00f3ra.<\/p>\n<p><strong>Aj\u00e1nlatok<\/strong><\/p>\n<p>A Weboldal kedvezm\u00e9nyeket \u00e9s egy\u00e9b prom\u00f3ci\u00f3kat is k\u00edn\u00e1l, amelyek cs\u00f6kkentik a Term\u00e9kek \u00e1r\u00e1t (&#8222;Prom\u00f3ci\u00f3k&#8221;). Minden Prom\u00f3ci\u00f3t kedvezm\u00e9nyes \u00e1ron k\u00edn\u00e1lnak egy meghat\u00e1rozott (korl\u00e1tozott) id\u0151szakra, amely minden egyes Prom\u00f3ci\u00f3 eset\u00e9ben k\u00fcl\u00f6n-k\u00fcl\u00f6n ker\u00fcl meghat\u00e1roz\u00e1sra. A kedvezm\u00e9nyes \u00e1r a prom\u00f3ci\u00f3s id\u0151szak alatt t\u00f6rt\u00e9n\u0151 v\u00e1s\u00e1rl\u00e1sokra vonatkozik.<\/p>\n<p>Felh\u00edvjuk figyelm\u00e9t, hogy bizonyos prom\u00f3ci\u00f3kat csak olyan \u00faj felhaszn\u00e1l\u00f3k vehetnek ig\u00e9nybe, akik m\u00e9g nem v\u00e1s\u00e1roltak az online \u00e1ruh\u00e1zban. Ebben az esetben ez a kedvezm\u00e9ny a megl\u00e9v\u0151 felhaszn\u00e1l\u00f3kra nem vonatkozik. Az ilyen prom\u00f3ci\u00f3kkal val\u00f3 vissza\u00e9l\u00e9sre ir\u00e1nyul\u00f3 minden k\u00eds\u00e9rletet azonnal blokkolunk, \u00e9s az ilyen vissza\u00e9l\u00e9sre haszn\u00e1lt e-mail c\u00edmeket el\u0151zetes figyelmeztet\u00e9s n\u00e9lk\u00fcl t\u00f6r\u00f6lj\u00fck. A kedvezm\u00e9nyek \u00e9s egy\u00e9b prom\u00f3ci\u00f3k \u00e1ltal\u00e1ban nem kumul\u00e1lhat\u00f3k, kiv\u00e9ve, ha az akci\u00f3 idej\u00e9n ezt kifejezetten jelzik.<\/p>\n<h3>4. Az \u00e1ruk k\u00f6lts\u00e9ge \u00e9s sz\u00e1ll\u00edt\u00e1sa<\/h3>\n<p>Az \u00e1r nem tartalmazza a sz\u00e1ll\u00edt\u00e1si k\u00f6lts\u00e9geket. A sz\u00e1ll\u00edt\u00e1si d\u00edjat az online \u00e1ruh\u00e1zban tal\u00e1lja, ahol lehet\u0151s\u00e9ge van a sz\u00e1ll\u00edt\u00e1s kiv\u00e1laszt\u00e1s\u00e1ra. K\u00e9rj\u00fck, a sz\u00e1ll\u00edt\u00e1si m\u00f3d kiv\u00e1laszt\u00e1sa el\u0151tt ellen\u0151rizze az egyes v\u00e1laszt\u00e1si lehet\u0151s\u00e9gek mellett felt\u00fcntetett \u00e1rat. A megrendel\u00e9s befejez\u00e9sekor \u00e1ttekint\u00e9st kap az \u00e1rr\u00f3l, amely a v\u00e1s\u00e1rl\u00e1si k\u00f6lts\u00e9gre, a sz\u00e1ll\u00edt\u00e1si k\u00f6lts\u00e9gre \u00e9s a teljes k\u00f6lts\u00e9gre oszlik.<\/p>\n<p>A megrendelt term\u00e9keket az \u00d6n \u00e1ltal megadott sz\u00e1ll\u00edt\u00e1si c\u00edmre sz\u00e1ll\u00edtjuk ki.<\/p>\n<p>A becs\u00fclt sz\u00e1ll\u00edt\u00e1si id\u0151t a Vev\u0151 a megrendel\u00e9s lead\u00e1sakor kapja meg. A T\u00e1rsas\u00e1g azonban fenntartja a jogot, hogy a sz\u00e1ll\u00edt\u00e1si hat\u00e1rid\u0151t meghosszabb\u00edtsa a megn\u00f6vekedett kereslet vagy a sz\u00e1ll\u00edt\u00f3szolg\u00e1latok k\u00e9sedelme eset\u00e9n. A sz\u00e1ll\u00edt\u00e1sok els\u0151sorban a reggeli \u00f3r\u00e1kban t\u00f6rt\u00e9nnek. Amennyiben a kisz\u00e1ll\u00edt\u00e1s id\u0151pontj\u00e1ban nem tudja \u00e1tvenni a sz\u00e1ll\u00edtm\u00e1nyt, a sz\u00e1ll\u00edt\u00f3szolg\u00e1lat megk\u00eds\u00e9rli a vev\u0151vel egyeztetni a kisz\u00e1ll\u00edt\u00e1s m\u00f3dj\u00e1t \u00e9s hely\u00e9t.<\/p>\n<p>Ha a k\u00e9zbes\u00edt\u0151szolg\u00e1lat nem tudja felvenni a kapcsolatot a v\u00e1s\u00e1rl\u00f3val, a k\u00f6vetkez\u0151 munkanapon \u00fajra megk\u00eds\u00e9rlik a k\u00e9zbes\u00edt\u00e9st, \u00e9s m\u00e1sodik sikertelens\u00e9g eset\u00e9n a term\u00e9keket tartalmaz\u00f3 csomagot visszak\u00fcldik a felad\u00f3nak.<\/p>\n<p>A sikertelen\u00fcl k\u00e9zbes\u00edtett el\u0151re fizetett megrendel\u00e9sek eset\u00e9ben a visszat\u00e9r\u00edt\u00e9s automatikusan megt\u00f6rt\u00e9nik 8 (nyolc) munkanapon bel\u00fcl, miut\u00e1n a rakt\u00e1r r\u00f6gz\u00edtette a csomag visszak\u00fcld\u00e9s\u00e9t, vagy a T\u00e1rsas\u00e1g meg\u00e1llap\u00edtotta, hogy a csomagot nem siker\u00fclt k\u00e9zbes\u00edteni.<\/p>\n<p><strong>Biztons\u00e1gi figyelmeztet\u00e9sek az \u00f6sszes term\u00e9k haszn\u00e1lat\u00e1ra vonatkoz\u00f3an<\/strong><\/p>\n<p>Az online \u00e1ruh\u00e1zunkban tal\u00e1lhat\u00f3 term\u00e9kek haszn\u00e1lata bizonyos eg\u00e9szs\u00e9g\u00fcgyi \u00e9s \u00e9letvesz\u00e9lyes kock\u00e1zatokkal j\u00e1rhat. \u00d6n tudom\u00e1sul veszi \u00e9s kifejezetten beleegyezik, hogy meg\u00e9rti, hogy az ilyen term\u00e9kek haszn\u00e1lata ilyen kock\u00e1zatokkal j\u00e1r, amelyeket \u00d6n teljes m\u00e9rt\u00e9kben elfogad. A term\u00e9kek megrendel\u00e9s\u00e9vel \u00e9s\/vagy haszn\u00e1lat\u00e1val \u00d6n elfogadja, hogy tiszt\u00e1ban van ezekkel a kock\u00e1zatokkal, amelyek magukban foglalhatj\u00e1k a betegs\u00e9g, s\u00e9r\u00fcl\u00e9s, rokkants\u00e1g vagy hal\u00e1l kock\u00e1zat\u00e1t. \u00d6n teljes felel\u0151ss\u00e9get v\u00e1llal minden olyan k\u00f6vetkezm\u00e9ny\u00e9rt, amely a term\u00e9kek megrendel\u00e9s\u00e9b\u0151l \u00e9s\/vagy haszn\u00e1lat\u00e1b\u00f3l eredhet.<\/p>\n<p>B\u00e1rmely term\u00e9k haszn\u00e1lata el\u0151tt el kell olvasnia a haszn\u00e1lati utas\u00edt\u00e1st.<\/p>\n<p>Minden term\u00e9ket haszn\u00e1lat el\u0151tt biztons\u00e1gosan ki kell pr\u00f3b\u00e1lni. Ha nem tudja biztosan, hogyan kell tesztelni a term\u00e9ket, k\u00e9rj\u00fck, ne haszn\u00e1lja azt, t\u00e1j\u00e9koztasson minket, vagy k\u00fcldje vissza.<\/p>\n<p>A T\u00e1rsas\u00e1g semmilyen felel\u0151ss\u00e9get nem v\u00e1llal semmilyen k\u00f6zvetlen vagy k\u00f6zvetett k\u00e1r\u00e9rt, amely a Weboldalon kereszt\u00fcl megrendelt term\u00e9kek haszn\u00e1lat\u00e1b\u00f3l eredhet, f\u00fcggetlen\u00fcl att\u00f3l, hogy a term\u00e9ket a v\u00e1s\u00e1rl\u00f3 vagy harmadik f\u00e9l helyesen vagy helytelen\u00fcl haszn\u00e1lta-e vagy sem. Ez a kiz\u00e1r\u00e1s a t\u00f6rv\u00e9ny \u00e1ltal megengedett legteljesebb m\u00e9rt\u00e9kben \u00e9rv\u00e9nyes.<\/p>\n<p>A t\u00e1rsas\u00e1ggal szembeni k\u00e1rt\u00e9r\u00edt\u00e9si ig\u00e9ny eset\u00e9n a t\u00e1rsas\u00e1g a term\u00e9k viszontelad\u00f3i \u00e9rt\u00e9k\u00e9nek h\u00e1romszoros\u00e1ra korl\u00e1tozza k\u00e1rt\u00e9r\u00edt\u00e9si felel\u0151ss\u00e9g\u00e9t.<\/p>\n<p>Igyeksz\u00fcnk a term\u00e9keket \u00e9s a k\u00e9peket a lehet\u0151 legpontosabban \u00e9s legpontosabban le\u00edrni. Nem tudjuk azonban garant\u00e1lni, hogy minden term\u00e9kinform\u00e1ci\u00f3 \u00e9s k\u00e9p teljesen pontos. Egyes term\u00e9kek k\u00fcl\u00f6nb\u00f6z\u0151 besz\u00e1ll\u00edt\u00f3kt\u00f3l sz\u00e1rmazhatnak, ez\u00e9rt a csomagol\u00e1sban vagy a term\u00e9k megjelen\u00e9s\u00e9ben lehetnek kisebb elt\u00e9r\u00e9sek. Ezek az elt\u00e9r\u00e9sek semmilyen m\u00f3don nem befoly\u00e1solj\u00e1k a term\u00e9k min\u0151s\u00e9g\u00e9t vagy funkcionalit\u00e1s\u00e1t.<\/p>\n<h3>5. El\u00e1ll\u00e1si jog<\/h3>\n<p>A Vev\u0151nek, aki a web\u00e1ruh\u00e1zon kereszt\u00fcl v\u00e1s\u00e1rolt, joga van el\u00e1llni a szerz\u0151d\u00e9st\u0151l. A szerz\u0151d\u00e9st\u0151l val\u00f3 el\u00e1ll\u00e1sra a megrendel\u00e9s k\u00e9zbes\u00edt\u00e9s\u00e9t\u0151l sz\u00e1m\u00edtott 30 napon bel\u00fcl van lehet\u0151s\u00e9g, amelyet a sz\u00e1ll\u00edt\u00e1si szolg\u00e1ltat\u00e1s k\u00f6z\u00f6l a V\u00e1llalkoz\u00e1ssal. A Vev\u0151nek nem kell megindokolnia d\u00f6nt\u00e9s\u00e9t. A szerz\u0151d\u00e9st\u0151l val\u00f3 el\u00e1ll\u00e1s csak olyan term\u00e9szetes szem\u00e9ly Vev\u0151kre vonatkozik, akik az \u00e1rukat \u00e9s szolg\u00e1ltat\u00e1sokat nem szakmai vagy keres\u0151tev\u00e9kenys\u00e9g\u00fck c\u00e9lj\u00e1b\u00f3l szerzik be vagy veszik ig\u00e9nybe.<\/p>\n<p>Az el\u00e1ll\u00e1si nyilatkozatot akkor kell\u0151 id\u0151ben megtettnek tekintj\u00fck, ha azt az el\u00e1ll\u00e1sra meghat\u00e1rozott hat\u00e1rid\u0151n bel\u00fcl beny\u00fajtja. Az el\u00e1ll\u00e1si nyilatkozat\u00e1t az el\u0151zetesen rendelkez\u00e9sre bocs\u00e1tott \u0171rlapon vagy e-mailben t\u00f6rt\u00e9n\u0151 elk\u00fcld\u00e9ssel ny\u00fajthatja be. Az \u0171rlap a weboldal alj\u00e1n tal\u00e1lhat\u00f3 &#8222;Sz\u00e1ll\u00edt\u00e1s \u00e9s visszak\u00fcld\u00e9s&#8221; f\u00fcl\u00f6n \u00e9rhet\u0151 el. Az el\u00e1ll\u00e1si nyilatkozatot olyan egy\u00e9rtelm\u0171 nyilatkozat seg\u00edts\u00e9g\u00e9vel is megteheti, amelyb\u0151l egy\u00e9rtelm\u0171en kider\u00fcl, hogy el\u00e1ll a szerz\u0151d\u00e9st\u0151l. Az e cikkben el\u0151\u00edrt el\u00e1ll\u00e1si jog gyakorl\u00e1s\u00e1val kapcsolatos bizony\u00edt\u00e1si teher a fogyaszt\u00f3t terheli.<\/p>\n<p><strong>A szerz\u0151d\u00e9st\u0151l val\u00f3 el\u00e1ll\u00e1s eset\u00e9n a Vev\u0151 visszat\u00e9r\u00edt\u00e9sre vagy cser\u00e9re jogosult, de j\u00f3v\u00e1\u00edr\u00e1sra nem!<\/strong>.<\/p>\n<p>Az el\u00e1ll\u00e1si nyilatkozat megt\u00e9tele ut\u00e1n az el\u00e1ll\u00e1si nyilatkozat megt\u00e9tel\u00e9nek napj\u00e1t\u00f3l sz\u00e1m\u00edtott 14 napon bel\u00fcl vissza kell k\u00fcldenie az \u00e1rut. Az \u00e1rut az AUTHLETIC d.o.o., Zapotok 123b, 1292 Ig, SI-Slovenia c\u00edmre kell visszak\u00fcldenie. Az \u00e1rut akkor tekintj\u00fck id\u0151ben visszak\u00fcld\u00f6ttnek, ha azt a 30 napos visszak\u00fcld\u00e9si hat\u00e1rid\u0151 lej\u00e1rta el\u0151tt visszak\u00fcldi. A term\u00e9keket s\u00e9r\u00fcl\u00e9smentesen, ugyanabban a mennyis\u00e9gben \u00e9s az eredeti csomagol\u00e1sban vagy az eredeti csomagol\u00e1ssal azonos m\u00f3don v\u00e9dett csomagol\u00e1sban kell visszak\u00fcldenie. A term\u00e9k vagy az eredeti csomagol\u00e1s s\u00e9r\u00fcl\u00e9se vagy t\u00falzott haszn\u00e1lata eset\u00e9n az \u00c1ruh\u00e1z fenntartja a jogot, hogy a term\u00e9k cs\u00f6kkentett \u00e9rt\u00e9k\u00e9nek visszat\u00e9r\u00edt\u00e9s\u00e9t k\u00f6vetelje. K\u00e9rj\u00fck, hogy a term\u00e9keket csomagban \u00e9s ne lev\u00e9lben k\u00fcldje vissza, \u00e9s a csomagot a visszak\u00fcld\u00e9si folyamat sor\u00e1n kapott visszak\u00fcld\u00e9si k\u00f3ddal kell megjel\u00f6lni. A csomag megfelel\u0151 megjel\u00f6l\u00e9s\u00e9nek elmulaszt\u00e1sa (reklam\u00e1ci\u00f3s k\u00f3d n\u00e9lk\u00fcl elk\u00fcld\u00f6tt csomag) jelent\u0151sen megn\u00f6velheti a reklam\u00e1ci\u00f3 megold\u00e1s\u00e1nak idej\u00e9t. A szerz\u0151d\u00e9st\u0151l val\u00f3 el\u00e1ll\u00e1s eset\u00e9n \u00d6nt csak az \u00e1ru visszak\u00fcld\u00e9s\u00e9nek k\u00f6lts\u00e9ge terheli, amelyet mi nem t\u00e9r\u00edt\u00fcnk vissza.<\/p>\n<p>Ha \u00d6n m\u00e1r kifizette a megrendelt \u00e1rut, akkor a megrendel\u00e9sre befizetett \u00f6sszeget azonnal, de legk\u00e9s\u0151bb a csomag c\u00edm\u00fcnkre t\u00f6rt\u00e9n\u0151 visszak\u00fcld\u00e9s\u00e9t\u0151l sz\u00e1m\u00edtott 8 munkanapon bel\u00fcl visszat\u00e9r\u00edtj\u00fck. Egy k\u00fcldem\u00e9ny akkor \u00e9rkezik vissza a c\u00edm\u00fcnkre, ha azt a rakt\u00e1r visszasz\u00e1ll\u00edtott k\u00fcldem\u00e9nyk\u00e9nt r\u00f6gz\u00edti. Fenntartjuk a jogot, hogy az el\u00e1ll\u00e1ssal \u00e9rintett term\u00e9kek visszak\u00fcld\u00e9s\u00e9ig visszatartjuk a be\u00e9rkezett fizet\u00e9st.<\/p>\n<p>A be\u00e9rkezett fizet\u00e9seket a v\u00e1s\u00e1rl\u00e1skor haszn\u00e1lt fizet\u00e9si eszk\u00f6zzel azonos m\u00f3don t\u00e9r\u00edtj\u00fck vissza \u00d6nnek. Ut\u00e1nv\u00e9tel eset\u00e9n a v\u00e9tel\u00e1rat az \u00d6n \u00e1ltal elk\u00fcld\u00f6tt szem\u00e9lyes banksz\u00e1ml\u00e1j\u00e1ra utaljuk.<\/p>\n<p>A szerz\u0151d\u00e9st\u0151l val\u00f3 r\u00e9szleges el\u00e1ll\u00e1s \u00e9s csak egyes term\u00e9kek visszak\u00fcld\u00e9se eset\u00e9n a kos\u00e1rban l\u00e9v\u0151 egyes term\u00e9kekre vonatkoz\u00f3 kedvezm\u00e9nyk\u00e9nt be\u00e1ll\u00edtott prom\u00f3ci\u00f3s kedvezm\u00e9nyeket (pl. 3 a 2\u00e9rt akci\u00f3, kedvezm\u00e9ny a kos\u00e1rban l\u00e9v\u0151 harmadik term\u00e9kre stb.) a visszak\u00fcld\u00e9skor figyelembe kell venni, a felhalmozott kedvezm\u00e9ny \u00f6sszeg\u00e9nek a kos\u00e1rban l\u00e9v\u0151 \u00f6sszes term\u00e9kre t\u00f6rt\u00e9n\u0151 egyenletes \u00fajraeloszt\u00e1s\u00e1val. A fogyaszt\u00f3 \u00edgy a visszak\u00fcld\u00f6tt term\u00e9k \u00e9rt\u00e9k\u00e9nek megfelel\u0151 visszat\u00e9r\u00edt\u00e9sre jogosult, figyelembe v\u00e9ve az \u00edgy a kos\u00e1rban l\u00e9v\u0151 \u00f6sszes term\u00e9kre alkalmazott kedvezm\u00e9nyt.<\/p>\n<h3>6. Reklam\u00e1ci\u00f3k<\/h3>\n<p>A reklam\u00e1ci\u00f3s jog csak akkor \u00e9rv\u00e9nyes, ha az \u00e1rut eredeti \u00e1llapot\u00e1ban, s\u00e9rtetlen\u00fcl \u00e9s eredeti csomagol\u00e1s\u00e1ban k\u00fcldte vissza. Az \u00e1rut csak szerel\u00e9sre lehet felhaszn\u00e1lni.<\/p>\n<p><strong>a.) Sz\u00e1ll\u00edt\u00e1si garancia<\/strong><\/p>\n<p>Tov\u00e1bbi garanci\u00e1t v\u00e1llalunk a hib\u00e1tlan sz\u00e1ll\u00edt\u00e1sra, amelyet a term\u00e9k \u00e1tv\u00e9tel\u00e9t\u0151l sz\u00e1m\u00edtott 48 \u00f3r\u00e1n bel\u00fcl lehet \u00e9rv\u00e9nyes\u00edteni.<br \/>\nHa a term\u00e9k sz\u00e1ll\u00edt\u00e1s k\u00f6zben megs\u00e9r\u00fclt, vagy nem felel meg a megrendel\u00e9s\u00e9nek, k\u00e9rj\u00fck, a hib\u00e1t a k\u00e9zbes\u00edt\u00e9st\u0151l sz\u00e1m\u00edtott 48 \u00f3r\u00e1n bel\u00fcl jelezze fel\u00e9nk. K\u00e9rj\u00fck, k\u00fcldj\u00f6n nek\u00fcnk e-mailben egy f\u00e9nyk\u00e9pet a csomagr\u00f3l (amelyen l\u00e1that\u00f3 a c\u00edmke) \u00e9s egy f\u00e9nyk\u00e9pet a kapott term\u00e9kr\u0151l, amelyen egy\u00e9rtelm\u0171en l\u00e1that\u00f3 a term\u00e9k s\u00e9r\u00fcl\u00e9s\u00e9nek helye vagy a hib\u00e1s term\u00e9k, amelyet kapott. Hi\u00e1nyz\u00f3 term\u00e9k eset\u00e9n k\u00e9rj\u00fck, k\u00fcldj\u00f6n nek\u00fcnk egy f\u00e9nyk\u00e9pet a csomagr\u00f3l \u00e9s a csomagban kapott \u00f6sszes term\u00e9kr\u0151l.<br \/>\nReklam\u00e1ci\u00f3j\u00e1t a lehet\u0151 leghamarabb priorit\u00e1sk\u00e9nt kezelj\u00fck, \u00e9s int\u00e9zked\u00fcnk a term\u00e9k p\u00f3tl\u00e1s\u00e1r\u00f3l.<br \/>\nHa rossz term\u00e9ket sz\u00e1ll\u00edtottunk, k\u00e9rj\u00fck, ne k\u00fcldje vissza, am\u00edg erre nem k\u00e9rj\u00fck, \u00e9s el\u0151bb vegye fel vel\u00fcnk a kapcsolatot e-mailben. Ha meg k\u00edv\u00e1nja tartani a term\u00e9ket, felaj\u00e1nljuk \u00d6nnek a visszav\u00e1s\u00e1rl\u00e1s lehet\u0151s\u00e9g\u00e9t.<\/p>\n<p>FIGYELMEZTET\u00c9S: Az AUTHLETIC d.o.o. csak a Weboldalon kereszt\u00fcl v\u00e1s\u00e1rolt term\u00e9keket tartalmaz\u00f3 k\u00fcldem\u00e9nyek visszasz\u00e1ll\u00edt\u00e1s\u00e1t fogadja el. Minden olyan mag\u00e1nszem\u00e9ly \u00e1ltal k\u00fcld\u00f6tt k\u00fcldem\u00e9nyt, amely nem t\u0151l\u00fcnk v\u00e1s\u00e1rolt term\u00e9keket tartalmaz, a felad\u00f3 k\u00f6lts\u00e9g\u00e9re visszak\u00fcld\u00fcnk a felad\u00f3nak.<\/p>\n<h3>7. Az inform\u00e1ci\u00f3k el\u00e9rhet\u0151s\u00e9ge<\/h3>\n<p>A Sz\u00e1ll\u00edt\u00f3 v\u00e1llalja, hogy a Vev\u0151 sz\u00e1m\u00e1ra mindenkor a k\u00f6vetkez\u0151 inform\u00e1ci\u00f3kat biztos\u00edtja:<\/p>\n<p>a v\u00e1llalat szem\u00e9lyazonoss\u00e1g\u00e1t (a v\u00e1llalat neve \u00e9s sz\u00e9khelye, nyilv\u00e1ntart\u00e1si sz\u00e1ma),<br \/>\na gyors \u00e9s hat\u00e9kony kommunik\u00e1ci\u00f3t lehet\u0151v\u00e9 tev\u0151 el\u00e9rhet\u0151s\u00e9gek (e-mail, telefonos \u00fczenetr\u00f6gz\u00edt\u0151),<br \/>\naz \u00e1ruk vagy szolg\u00e1ltat\u00e1sok l\u00e9nyeges jellemz\u0151i (bele\u00e9rtve az \u00e9rt\u00e9kes\u00edt\u00e9s ut\u00e1ni szolg\u00e1ltat\u00e1st \u00e9s a garanci\u00e1kat),<br \/>\naz \u00e1ru vagy szolg\u00e1ltat\u00e1s v\u00e9gs\u0151 \u00e1ra, bele\u00e9rtve az ad\u00f3kat, vagy az \u00e1r kisz\u00e1m\u00edt\u00e1s\u00e1nak m\u00f3dja, ha az \u00e1ru vagy szolg\u00e1ltat\u00e1s jellege miatt az \u00e1rat nem lehet el\u0151re kisz\u00e1m\u00edtani,<br \/>\na term\u00e9kek el\u00e9rhet\u0151s\u00e9ge (a weboldalon k\u00edn\u00e1lt b\u00e1rmely term\u00e9knek vagy szolg\u00e1ltat\u00e1snak \u00e9sszer\u0171 id\u0151n bel\u00fcl el\u00e9rhet\u0151nek kell lennie),<br \/>\na fizet\u00e9si felt\u00e9telek, a term\u00e9k vagy szolg\u00e1ltat\u00e1s sz\u00e1ll\u00edt\u00e1si felt\u00e9telei (a sz\u00e1ll\u00edt\u00e1s m\u00f3dja, helye \u00e9s ideje),<br \/>\na sz\u00e1ll\u00edt\u00e1si, k\u00e9zbes\u00edt\u00e9si vagy sz\u00e1ll\u00edt\u00e1si t\u00f6bbletk\u00f6lts\u00e9gekre vonatkoz\u00f3 inform\u00e1ci\u00f3k, vagy figyelmeztet\u00e9s arra, hogy ilyen k\u00f6lts\u00e9gek mer\u00fclhetnek fel, ha azok el\u0151re nem kalkul\u00e1lhat\u00f3k,<br \/>\naz aj\u00e1nlat id\u0151beli \u00e9rv\u00e9nyess\u00e9ge,<br \/>\na szerz\u0151d\u00e9st\u0151l val\u00f3 el\u00e1ll\u00e1s eset\u00e9n alkalmazand\u00f3 felt\u00e9telek, hat\u00e1rid\u0151k \u00e9s elj\u00e1r\u00e1sok; tov\u00e1bb\u00e1, hogy az \u00e1ru visszak\u00fcld\u00e9s\u00e9nek k\u00f6lts\u00e9gei el\u00e9rik-e \u00e9s ha igen, milyen \u00f6sszeg\u0171ek,<br \/>\na panaszkezel\u00e9si elj\u00e1r\u00e1s magyar\u00e1zata, bele\u00e9rtve a kapcsolattart\u00f3 szem\u00e9ly vagy az \u00fcgyf\u00e9lszolg\u00e1lat teljes k\u00f6r\u0171 adatait,<br \/>\na l\u00e9nyeges hib\u00e1k\u00e9rt val\u00f3 felel\u0151ss\u00e9gre vonatkoz\u00f3 inform\u00e1ci\u00f3k,<br \/>\nadott esetben az \u00e9rt\u00e9kes\u00edt\u00e9s ut\u00e1ni szolg\u00e1ltat\u00e1sok \u00e9s \u00f6nk\u00e9ntes garanci\u00e1k lehet\u0151s\u00e9ge \u00e9s felt\u00e9telei,<br \/>\na weboldal elk\u00e9sz\u00edt\u00e9se sor\u00e1n el\u0151fordulhatnak olyan hib\u00e1k, amelyekre nincs r\u00e1hat\u00e1sunk, \u00e9s amelyek\u00e9rt nem v\u00e1llalunk felel\u0151ss\u00e9get. Amennyiben a term\u00e9k \u00e1r\u00e1ban vagy m\u0171szaki jellemz\u0151iben jelent\u0151s elt\u00e9r\u00e9s mutatkozik, err\u0151l a megrendel\u00e9skor t\u00e1j\u00e9koztatjuk \u00d6nt.<\/p>\n<p><strong>A nyilv\u00e1ntart\u00e1sba val\u00f3 bejegyz\u00e9ssel kapcsolatos inform\u00e1ci\u00f3k, a nyilv\u00e1ntart\u00e1s \u00e9s a nyilv\u00e1ntart\u00e1si sz\u00e1m felt\u00fcntet\u00e9s\u00e9vel:<\/strong><br \/>\nC\u00e9gn\u00e9v: AUTHLETIC d.o.o.<br \/>\nBejegyzett sz\u00e9khely: Zapotok 123b, 1292 Ig, SI-Szlov\u00e9nia.<br \/>\nNyilv\u00e1ntart\u00e1si sz\u00e1m: 9546600000<br \/>\nAd\u00f3sz\u00e1m: SI67939210<br \/>\nAd\u00f3k\u00f6teles: IGEN<br \/>\nRegisztr\u00e1ci\u00f3 a nyilv\u00e1ntart\u00f3 hat\u00f3s\u00e1gn\u00e1l: 18. 12. 18. 2023<br \/>\nSKD: G47.910 &#8211; Kiskereskedelem postai rendel\u00e9ssel vagy interneten kereszt\u00fcl.<\/p>\n<p><strong>Peren k\u00edv\u00fcli vitarendez\u00e9s \u00e9s egy\u00e9b jogorvoslatok<\/strong><br \/>\nA T\u00e1rsas\u00e1g minden t\u0151le telhet\u0151t megtesz a jogvit\u00e1k b\u00e9k\u00e9s \u00faton t\u00f6rt\u00e9n\u0151 rendez\u00e9se \u00e9rdek\u00e9ben, de ha ez nem lehets\u00e9ges, a ljubljanai b\u00edr\u00f3s\u00e1g rendelkezik hat\u00e1sk\u00f6rrel a jogvit\u00e1k rendez\u00e9s\u00e9re.<\/p>\n<p><strong>Vitarendez\u00e9si platform<\/strong><br \/>\nAz AUTHLETIC d.o.o. nem ismeri el egyetlen b\u00edr\u00f3s\u00e1gon k\u00edv\u00fcli fogyaszt\u00f3i vitarendez\u00e9si szolg\u00e1ltat\u00f3t sem illet\u00e9kesnek a fogyaszt\u00f3i jogvita rendez\u00e9s\u00e9re, amelyet a fogyaszt\u00f3 a b\u00edr\u00f3s\u00e1gon k\u00edv\u00fcli fogyaszt\u00f3i vitarendez\u00e9sr\u0151l sz\u00f3l\u00f3 t\u00f6rv\u00e9ny alapj\u00e1n a jogi norm\u00e1k szerint ind\u00edthat.<\/p>\n<p>A vitarendez\u00e9si platform el\u00e9rhet\u0151 a https:\/\/ec.europa.eu\/consumers\/odr\/ oldalon.<\/p>\n<p>A vitarendez\u00e9si platformmal kapcsolatos tov\u00e1bbi inform\u00e1ci\u00f3k az ec.europa.eu oldalon tal\u00e1lhat\u00f3k.<\/p>\n<h3>8. KOMMUNIK\u00c1CI\u00d3<\/h3>\n<p>A v\u00e1llalat csak akkor veszi fel a kapcsolatot a felhaszn\u00e1l\u00f3val t\u00e1vk\u00f6zl\u00e9s \u00fatj\u00e1n, ha az a megrendel\u00e9s teljes\u00edt\u00e9s\u00e9hez sz\u00fcks\u00e9ges.<\/p>\n<p>A v\u00e1llalat a support@authleticwear.com c\u00edmen ny\u00fajt t\u00e1mogat\u00e1st a felhaszn\u00e1l\u00f3knak.<\/p>\n<p>Kereskedelmi c\u00e9lb\u00f3l azonban kapcsolatba l\u00e9phet a felhaszn\u00e1l\u00f3kkal, ha a felhaszn\u00e1l\u00f3 ehhez hozz\u00e1j\u00e1rul, vagy ha a felhaszn\u00e1l\u00f3 m\u00e1r v\u00e1s\u00e1rolt az online \u00e1ruh\u00e1zban, ebben az esetben a kommunik\u00e1ci\u00f3.<\/p>\n<p>A kommunik\u00e1ci\u00f3val kapcsolatos tov\u00e1bbi inform\u00e1ci\u00f3k\u00e9rt k\u00e9rj\u00fck, olvassa el adatv\u00e9delmi szab\u00e1lyzatunkat.<\/p>\n<h3>9. SZELLEMI TULAJDONOK<\/h3>\n<p>A Weboldalon tal\u00e1lhat\u00f3 inform\u00e1ci\u00f3k, k\u00e9pek, sz\u00f6vegek \u00e9s egy\u00e9b anyagok (pl. vide\u00f3tartalom, grafik\u00e1k, v\u00e1zlatok stb.) szerz\u0151i jogi m\u0171vek, \u00e9s mint ilyenek a szerz\u0151i jog \u00e9s\/vagy a szellemi tulajdonjogok v\u00e9delme alatt \u00e1llnak.<\/p>\n<p>A Term\u00e9kek megv\u00e1s\u00e1rl\u00e1s\u00e1val vagy a Weboldal haszn\u00e1lat\u00e1val a Felhaszn\u00e1l\u00f3 nem szerez semmilyen szerz\u0151i jogot, tulajdonjogot vagy szellemi tulajdonjogot a Term\u00e9kek \u00e9s\/vagy a Weboldal tekintet\u00e9ben. A Felhaszn\u00e1l\u00f3 kiz\u00e1r\u00f3lag saj\u00e1t szem\u00e9lyes, nem kereskedelmi c\u00e9lokra haszn\u00e1lhatja az anyagokat.<\/p>\n<h3>10. A FELEL\u0150SS\u00c9G KORL\u00c1TOZ\u00c1SA<\/h3>\n<p>A jelen \u00c1ltal\u00e1nos Szerz\u0151d\u00e9si Felt\u00e9telekben meghat\u00e1rozott felel\u0151ss\u00e9gkorl\u00e1toz\u00e1sokra figyelemmel a T\u00e1rsas\u00e1g az al\u00e1bbiak szerint pontos\u00edtja tov\u00e1bb\u00e1.<\/p>\n<p>Ha \u00d6n \u00fagy d\u00f6nt, hogy haszn\u00e1lja az Online Shopot \u00e9s\/vagy a Weboldalt, \u00d6n elfogadja, hogy ezt \u00f6nk\u00e9nt teszi, \u00e9s minden kock\u00e1zatot v\u00e1llal. A Weboldal \u00e9s a Web\u00e1ruh\u00e1z &#8222;\u00fagy, ahogy van&#8221;, mindenf\u00e9le kifejezett vagy hallgat\u00f3lagos garancia n\u00e9lk\u00fcl ker\u00fcl rendelkez\u00e9sre bocs\u00e1t\u00e1sra. Az ebben a szakaszban vagy a jelen \u00e1ltal\u00e1nos szerz\u0151d\u00e9si felt\u00e9telekben b\u00e1rhol meghat\u00e1rozott felel\u0151ss\u00e9gkorl\u00e1toz\u00e1sok a t\u00f6rv\u00e9ny \u00e1ltal megengedett legteljesebb m\u00e9rt\u00e9kben alkalmazand\u00f3k.<\/p>\n<p>A T\u00e1rsas\u00e1g nem v\u00e1llal garanci\u00e1t a Web\u00e1ruh\u00e1z \u00e9s funkci\u00f3inak m\u0171k\u00f6d\u00e9s\u00e9re, \u00e9s nem garant\u00e1lja, hogy a Web\u00e1ruh\u00e1z hibamentes, v\u00edrusokt\u00f3l \u00e9s v\u00edrusszer\u0171 k\u00e1rtev\u0151kt\u0151l mentes lesz. A T\u00e1rsas\u00e1g azt sem garant\u00e1lja, hogy a weboldalon k\u00f6zz\u00e9tett inform\u00e1ci\u00f3k pontosak \u00e9s teljesek. A v\u00e1llalat nem garant\u00e1l semmilyen k\u00e1rt, bele\u00e9rtve, de nem kiz\u00e1r\u00f3lagosan a k\u00f6zvetlen, k\u00f6zvetett vagy k\u00f6vetkezm\u00e9nyes k\u00e1rokat, amelyek a weboldal haszn\u00e1lat\u00e1b\u00f3l erednek vagy abb\u00f3l sz\u00e1rmaznak.<\/p>\n<p>Amennyiben \u00d6n \u00fagy d\u00f6nt, hogy haszn\u00e1lja az Online Shopot, \u00e9s az Online Shopon kereszt\u00fcl fizet, kifejezetten elfogadja, hogy a haszn\u00e1latot saj\u00e1t felel\u0151ss\u00e9g\u00e9re v\u00e9gzi, \u00e9s hogy \u00d6n viseli az Online Shopon kereszt\u00fcl t\u00f6rt\u00e9n\u0151 fizet\u00e9ssel kapcsolatos \u00f6sszes kock\u00e1zatot, bele\u00e9rtve, de nem kiz\u00e1r\u00f3lagosan a Felhaszn\u00e1l\u00f3 r\u00e9sz\u00e9r\u0151l t\u00f6rt\u00e9n\u0151 sikertelen fizet\u00e9st, a fizet\u00e9si hib\u00e1kat \u00e9s a fizet\u00e9si visszat\u00e9r\u00edt\u00e9s hib\u00e1it reklam\u00e1ci\u00f3 eset\u00e9n. Ez a kiz\u00e1r\u00e1s a t\u00f6rv\u00e9ny \u00e1ltal megengedett legnagyobb m\u00e9rt\u00e9kben \u00e9rv\u00e9nyes. A T\u00e1rsas\u00e1g nem v\u00e1llal felel\u0151ss\u00e9get a Weboldal \u00e9s\/vagy az Online Shopban el\u00e9rhet\u0151 term\u00e9kek haszn\u00e1lat\u00e1b\u00f3l ered\u0151 k\u00e1rok\u00e9rt.<\/p>\n<h3>11. Z\u00c1R\u00d3 RENDELKEZ\u00c9SEK<\/h3>\n<p>Megk\u00f6t\u00f6tt szerz\u0151d\u00e9s. Az \u00c1ltal\u00e1nos Szerz\u0151d\u00e9si Felt\u00e9telek a Weboldalon \u00e9s a Weboldal \u00f6sszes aloldal\u00e1n kereszt\u00fcl leadott szolg\u00e1ltat\u00e1s megrendel\u00e9ssel egy\u00fctt az \u00dcgyf\u00e9l \u00e9s a T\u00e1rsas\u00e1g k\u00f6z\u00f6tt l\u00e9trej\u00f6tt szerz\u0151d\u00e9snek min\u0151s\u00fclnek.<\/p>\n<p>Amennyiben a jelen \u00c1ltal\u00e1nos Szerz\u0151d\u00e9si Felt\u00e9telek b\u00e1rmely rendelkez\u00e9se (r\u00e9szben vagy eg\u00e9szben) jogellenesnek, semmisnek vagy m\u00e1s m\u00f3don \u00e9rv\u00e9nytelennek bizonyul, az ilyen rendelkez\u00e9s (r\u00e9szben vagy eg\u00e9szben) t\u00f6rlend\u0151nek tekintend\u0151, \u00e9s a jelen \u00c1ltal\u00e1nos Szerz\u0151d\u00e9si Felt\u00e9telek t\u00f6bbi r\u00e9sze teljes eg\u00e9sz\u00e9ben hat\u00e1lyban marad.<\/p>\n<p>A Felhaszn\u00e1l\u00f3 garant\u00e1lja, hogy teljes m\u00e9rt\u00e9kben alkalmas a jelen \u00c1ltal\u00e1nos Szerz\u0151d\u00e9si Felt\u00e9telekb\u0151l ered\u0151 jogok \u00e9s k\u00f6telezetts\u00e9gek v\u00e1llal\u00e1s\u00e1ra. Garant\u00e1lja, hogy a jelen \u00c1ltal\u00e1nos Szerz\u0151d\u00e9si Felt\u00e9telek szerinti k\u00f6telezetts\u00e9geinek teljes\u00edt\u00e9s\u00e9hez nem szorul harmadik f\u00e9l hozz\u00e1j\u00e1rul\u00e1s\u00e1ra vagy j\u00f3v\u00e1hagy\u00e1s\u00e1ra.<\/p>\n<p>\u00d6n garant\u00e1lja, hogy a megrendel\u00e9s lead\u00e1sa el\u0151tt elolvasta \u00e9s teljes m\u00e9rt\u00e9kben tiszt\u00e1ban van a jelen \u00c1ltal\u00e1nos Szerz\u0151d\u00e9si Felt\u00e9telekkel, k\u00fcl\u00f6n\u00f6sen a felel\u0151ss\u00e9g korl\u00e1toz\u00e1s\u00e1val.<\/p>\n<p>A meg\u00e1llapod\u00e1sra vonatkoz\u00f3 jog. A jelen \u00c1ltal\u00e1nos Szerz\u0151d\u00e9si Felt\u00e9telekre a Szlov\u00e9n K\u00f6zt\u00e1rsas\u00e1g joga az ir\u00e1nyad\u00f3. A Szlov\u00e9n K\u00f6zt\u00e1rsas\u00e1g b\u00edr\u00f3s\u00e1gai rendelkeznek joghat\u00f3s\u00e1ggal a jelen \u00c1ltal\u00e1nos Szerz\u0151d\u00e9si Felt\u00e9telekb\u0151l ered\u0151 b\u00e1rmely jogvit\u00e1ban.<\/p>\n<p>A felt\u00e9telek m\u00f3dos\u00edt\u00e1sai. \u00d6n nem jogosult a jelen \u00c1ltal\u00e1nos Szerz\u0151d\u00e9si Felt\u00e9telek b\u00e1rmely rendelkez\u00e9s\u00e9nek teljes vagy r\u00e9szleges m\u00f3dos\u00edt\u00e1s\u00e1ra vagy \u00e9rv\u00e9nyess\u00e9g\u00e9r\u0151l val\u00f3 lemond\u00e1sra. A T\u00e1rsas\u00e1gnak joga van b\u00e1rmikor m\u00f3dos\u00edtani a jelen \u00c1ltal\u00e1nos Szerz\u0151d\u00e9si Felt\u00e9teleket. Minden m\u00f3dos\u00edt\u00e1st k\u00f6zz\u00e9tesz\u00fcnk a Webhelyen. \u00d6n \u00fagy tekintend\u0151, hogy elfogadta a m\u00f3dos\u00edt\u00e1sokat, ha tov\u00e1bbra is haszn\u00e1lja a Weboldalt. Ha nem \u00e9rt egyet a m\u00f3dos\u00edt\u00e1sokkal, akkor joga van el\u00e1llni.<\/p>\n<p>A jelen \u00c1ltal\u00e1nos Szerz\u0151d\u00e9si Felt\u00e9telek k\u00e9pezik a felek k\u00f6z\u00f6tti teljes meg\u00e1llapod\u00e1st. Minden kor\u00e1bbi meg\u00e1llapod\u00e1s vagy t\u00e1rgyal\u00e1s, legyen az \u00edr\u00e1sbeli vagy sz\u00f3beli, teljes eg\u00e9sz\u00e9ben a jelen Felt\u00e9telek hely\u00e9be l\u00e9p.<\/p>\n<p>Nyelvi v\u00e1ltozatok. A jelen \u00c1ltal\u00e1nos Szerz\u0151d\u00e9si Felt\u00e9telek szlov\u00e9n nyelven k\u00e9sz\u00fcltek. Az \u00c1ltal\u00e1nos Szerz\u0151d\u00e9si Felt\u00e9telek b\u00e1rmely m\u00e1s nyelv\u0171 v\u00e1ltozata az\u00e9rt k\u00e9sz\u00fclt, hogy az \u00c1ltal\u00e1nos Szerz\u0151d\u00e9si Felt\u00e9telek k\u00f6nnyebben hozz\u00e1f\u00e9rhet\u0151ek legyenek. \u00d6n beleegyezik \u00e9s teljes m\u00e9rt\u00e9kben meg\u00e9rti, hogy b\u00e1rmilyen vita eset\u00e9n a szlov\u00e9n nyelv\u0171 v\u00e1ltozat az ir\u00e1nyad\u00f3.<\/p>\n<p>A kifejez\u00e9sek jelent\u00e9se. A jelen Felt\u00e9telekben haszn\u00e1lt kifejez\u00e9sek a jelen \u00c1ltal\u00e1nos Szerz\u0151d\u00e9si Felt\u00e9telek tetej\u00e9n meghat\u00e1rozott jelent\u00e9ssel b\u00edrnak.<\/p>\n<p>AUTHLETIC d.o.o., Zapotok 123b, 1292 Ig, SI-Slovenia \/ support@authleticwear.com<br \/>\nReg. szerv: Ljubljanai Ker\u00fcleti B\u00edr\u00f3s\u00e1g \/ R\u00e9szv\u00e9nyt\u0151ke: 7 500 EUR \/ IBAN SI56 2900 0005 2694 428 \/ ad\u00f3sz\u00e1m: 67939210 \/ nyilv\u00e1ntart\u00e1si sz\u00e1m: 9546600000.<\/p>\n","protected":false},"excerpt":{"rendered":"<p>\u00dcdv\u00f6z\u00f6lj\u00fck az authleticwear.com\/hu weboldalon, amelyet az AUTHLETIC d.o.o., Zapotok 123b, 1292 Ig, SI-Szlov\u00e9nia (a tov\u00e1bbiakban: a v\u00e1llalat) \u00fczemeltet. A jelen \u00c1ltal\u00e1nos Szerz\u0151d\u00e9si Felt\u00e9telek az authleticwear.com\/hu oldalon el\u00e9rhet\u0151 online \u00fczletben (a tov\u00e1bbiakban: Weboldal) lehet\u0151v\u00e9 tett valamennyi tev\u00e9kenys\u00e9gre vonatkoznak. Az \u00c1ltal\u00e1nos Szerz\u0151d\u00e9si Felt\u00e9telek minden Felhaszn\u00e1l\u00f3ra n\u00e9zve k\u00f6telez\u0151 \u00e9rv\u00e9ny\u0171ek. K\u00e9rj\u00fck, olvassa el figyelmesen az \u00c1ltal\u00e1nos Szerz\u0151d\u00e9si Felt\u00e9teleket. Amennyiben &#8230; <a title=\"Felt\u00e9telek \u00e9s felt\u00e9telek\" class=\"read-more\" href=\"https:\/\/authleticwear.com\/hu\/terms-and-conditions\/\" aria-label=\"Read more about Felt\u00e9telek \u00e9s felt\u00e9telek\">Olvass tov\u00e1bb<\/a><\/p>\n","protected":false},"author":1,"featured_media":0,"parent":0,"menu_order":0,"comment_status":"closed","ping_status":"closed","template":"template-content-page.php","meta":{"_acf_changed":false,"bwfblock_default_font":"","inline_featured_image":false,"footnotes":""},"class_list":["post-205","page","type-page","status-publish"],"acf":[],"yoast_head":"<!-- This site is optimized with the Yoast SEO plugin v27.4 - https:\/\/yoast.com\/product\/yoast-seo-wordpress\/ -->\n<title>Felt\u00e9telek \u00e9s felt\u00e9telek - Authletic HU<\/title>\n<meta name=\"robots\" content=\"index, follow, max-snippet:-1, max-image-preview:large, max-video-preview:-1\" \/>\n<link rel=\"canonical\" href=\"https:\/\/authleticwear.com\/hu\/terms-and-conditions\/\" \/>\n<meta property=\"og:locale\" content=\"hu_HU\" \/>\n<meta property=\"og:type\" content=\"article\" \/>\n<meta property=\"og:title\" content=\"Felt\u00e9telek \u00e9s felt\u00e9telek - Authletic HU\" \/>\n<meta property=\"og:description\" content=\"\u00dcdv\u00f6z\u00f6lj\u00fck az authleticwear.com\/hu weboldalon, amelyet az AUTHLETIC d.o.o., Zapotok 123b, 1292 Ig, SI-Szlov\u00e9nia (a tov\u00e1bbiakban: a v\u00e1llalat) \u00fczemeltet. A jelen \u00c1ltal\u00e1nos Szerz\u0151d\u00e9si Felt\u00e9telek az authleticwear.com\/hu oldalon el\u00e9rhet\u0151 online \u00fczletben (a tov\u00e1bbiakban: Weboldal) lehet\u0151v\u00e9 tett valamennyi tev\u00e9kenys\u00e9gre vonatkoznak. Az \u00c1ltal\u00e1nos Szerz\u0151d\u00e9si Felt\u00e9telek minden Felhaszn\u00e1l\u00f3ra n\u00e9zve k\u00f6telez\u0151 \u00e9rv\u00e9ny\u0171ek. K\u00e9rj\u00fck, olvassa el figyelmesen az \u00c1ltal\u00e1nos Szerz\u0151d\u00e9si Felt\u00e9teleket. Amennyiben ... Olvass tov\u00e1bb\" \/>\n<meta property=\"og:url\" content=\"https:\/\/authleticwear.com\/hu\/terms-and-conditions\/\" \/>\n<meta property=\"og:site_name\" content=\"Authletic HU\" \/>\n<meta property=\"article:publisher\" content=\"https:\/\/facebook.com\/authletic\/\" \/>\n<meta property=\"article:modified_time\" content=\"2024-07-01T14:43:47+00:00\" \/>\n<meta property=\"og:image\" content=\"https:\/\/authleticwear.com\/hu\/wp-content\/uploads\/sites\/8\/2024\/08\/Home_page_desktop-scaled.jpg\" \/>\n\t<meta property=\"og:image:width\" content=\"2560\" \/>\n\t<meta property=\"og:image:height\" content=\"1765\" \/>\n\t<meta property=\"og:image:type\" content=\"image\/jpeg\" \/>\n<meta name=\"twitter:card\" content=\"summary_large_image\" \/>\n<meta name=\"twitter:label1\" content=\"Becs\u00fclt olvas\u00e1si id\u0151\" \/>\n\t<meta name=\"twitter:data1\" content=\"18 perc\" \/>\n<script type=\"application\/ld+json\" class=\"yoast-schema-graph\">{\"@context\":\"https:\\\/\\\/schema.org\",\"@graph\":[{\"@type\":\"WebPage\",\"@id\":\"https:\\\/\\\/authleticwear.com\\\/hu\\\/terms-and-conditions\\\/\",\"url\":\"https:\\\/\\\/authleticwear.com\\\/hu\\\/terms-and-conditions\\\/\",\"name\":\"Felt\u00e9telek \u00e9s felt\u00e9telek - Authletic HU\",\"isPartOf\":{\"@id\":\"https:\\\/\\\/authleticwear.com\\\/hu\\\/#website\"},\"datePublished\":\"2023-10-24T14:57:55+00:00\",\"dateModified\":\"2024-07-01T14:43:47+00:00\",\"breadcrumb\":{\"@id\":\"https:\\\/\\\/authleticwear.com\\\/hu\\\/terms-and-conditions\\\/#breadcrumb\"},\"inLanguage\":\"hu\",\"potentialAction\":[{\"@type\":\"ReadAction\",\"target\":[\"https:\\\/\\\/authleticwear.com\\\/hu\\\/terms-and-conditions\\\/\"]}]},{\"@type\":\"BreadcrumbList\",\"@id\":\"https:\\\/\\\/authleticwear.com\\\/hu\\\/terms-and-conditions\\\/#breadcrumb\",\"itemListElement\":[{\"@type\":\"ListItem\",\"position\":1,\"name\":\"Home\",\"item\":\"https:\\\/\\\/authleticwear.com\\\/hu\\\/\"},{\"@type\":\"ListItem\",\"position\":2,\"name\":\"Felt\u00e9telek \u00e9s felt\u00e9telek\"}]},{\"@type\":\"WebSite\",\"@id\":\"https:\\\/\\\/authleticwear.com\\\/hu\\\/#website\",\"url\":\"https:\\\/\\\/authleticwear.com\\\/hu\\\/\",\"name\":\"Authletic HU\",\"description\":\"I am Authentic. I am Athletic. I am Authletic.\",\"publisher\":{\"@id\":\"https:\\\/\\\/authleticwear.com\\\/hu\\\/#organization\"},\"potentialAction\":[{\"@type\":\"SearchAction\",\"target\":{\"@type\":\"EntryPoint\",\"urlTemplate\":\"https:\\\/\\\/authleticwear.com\\\/hu\\\/?s={search_term_string}\"},\"query-input\":{\"@type\":\"PropertyValueSpecification\",\"valueRequired\":true,\"valueName\":\"search_term_string\"}}],\"inLanguage\":\"hu\"},{\"@type\":\"Organization\",\"@id\":\"https:\\\/\\\/authleticwear.com\\\/hu\\\/#organization\",\"name\":\"Authletic HU\",\"url\":\"https:\\\/\\\/authleticwear.com\\\/hu\\\/\",\"logo\":{\"@type\":\"ImageObject\",\"inLanguage\":\"hu\",\"@id\":\"https:\\\/\\\/authleticwear.com\\\/hu\\\/#\\\/schema\\\/logo\\\/image\\\/\",\"url\":\"https:\\\/\\\/authleticwear.com\\\/hu\\\/wp-content\\\/uploads\\\/sites\\\/8\\\/2023\\\/11\\\/logo-web-authletic.svg\",\"contentUrl\":\"https:\\\/\\\/authleticwear.com\\\/hu\\\/wp-content\\\/uploads\\\/sites\\\/8\\\/2023\\\/11\\\/logo-web-authletic.svg\",\"caption\":\"Authletic HU\"},\"image\":{\"@id\":\"https:\\\/\\\/authleticwear.com\\\/hu\\\/#\\\/schema\\\/logo\\\/image\\\/\"},\"sameAs\":[\"https:\\\/\\\/facebook.com\\\/authletic\\\/\",\"https:\\\/\\\/instagram.com\\\/authleticwear\\\/\",\"https:\\\/\\\/tiktok.com\\\/@authletic\"]}]}<\/script>\n<!-- \/ Yoast SEO plugin. -->","yoast_head_json":{"title":"Felt\u00e9telek \u00e9s felt\u00e9telek - Authletic HU","robots":{"index":"index","follow":"follow","max-snippet":"max-snippet:-1","max-image-preview":"max-image-preview:large","max-video-preview":"max-video-preview:-1"},"canonical":"https:\/\/authleticwear.com\/hu\/terms-and-conditions\/","og_locale":"hu_HU","og_type":"article","og_title":"Felt\u00e9telek \u00e9s felt\u00e9telek - Authletic HU","og_description":"\u00dcdv\u00f6z\u00f6lj\u00fck az authleticwear.com\/hu weboldalon, amelyet az AUTHLETIC d.o.o., Zapotok 123b, 1292 Ig, SI-Szlov\u00e9nia (a tov\u00e1bbiakban: a v\u00e1llalat) \u00fczemeltet. A jelen \u00c1ltal\u00e1nos Szerz\u0151d\u00e9si Felt\u00e9telek az authleticwear.com\/hu oldalon el\u00e9rhet\u0151 online \u00fczletben (a tov\u00e1bbiakban: Weboldal) lehet\u0151v\u00e9 tett valamennyi tev\u00e9kenys\u00e9gre vonatkoznak. Az \u00c1ltal\u00e1nos Szerz\u0151d\u00e9si Felt\u00e9telek minden Felhaszn\u00e1l\u00f3ra n\u00e9zve k\u00f6telez\u0151 \u00e9rv\u00e9ny\u0171ek. K\u00e9rj\u00fck, olvassa el figyelmesen az \u00c1ltal\u00e1nos Szerz\u0151d\u00e9si Felt\u00e9teleket. Amennyiben ... Olvass tov\u00e1bb","og_url":"https:\/\/authleticwear.com\/hu\/terms-and-conditions\/","og_site_name":"Authletic HU","article_publisher":"https:\/\/facebook.com\/authletic\/","article_modified_time":"2024-07-01T14:43:47+00:00","og_image":[{"width":2560,"height":1765,"url":"https:\/\/authleticwear.com\/hu\/wp-content\/uploads\/sites\/8\/2024\/08\/Home_page_desktop-scaled.jpg","type":"image\/jpeg"}],"twitter_card":"summary_large_image","twitter_misc":{"Becs\u00fclt olvas\u00e1si id\u0151":"18 perc"},"schema":{"@context":"https:\/\/schema.org","@graph":[{"@type":"WebPage","@id":"https:\/\/authleticwear.com\/hu\/terms-and-conditions\/","url":"https:\/\/authleticwear.com\/hu\/terms-and-conditions\/","name":"Felt\u00e9telek \u00e9s felt\u00e9telek - Authletic HU","isPartOf":{"@id":"https:\/\/authleticwear.com\/hu\/#website"},"datePublished":"2023-10-24T14:57:55+00:00","dateModified":"2024-07-01T14:43:47+00:00","breadcrumb":{"@id":"https:\/\/authleticwear.com\/hu\/terms-and-conditions\/#breadcrumb"},"inLanguage":"hu","potentialAction":[{"@type":"ReadAction","target":["https:\/\/authleticwear.com\/hu\/terms-and-conditions\/"]}]},{"@type":"BreadcrumbList","@id":"https:\/\/authleticwear.com\/hu\/terms-and-conditions\/#breadcrumb","itemListElement":[{"@type":"ListItem","position":1,"name":"Home","item":"https:\/\/authleticwear.com\/hu\/"},{"@type":"ListItem","position":2,"name":"Felt\u00e9telek \u00e9s felt\u00e9telek"}]},{"@type":"WebSite","@id":"https:\/\/authleticwear.com\/hu\/#website","url":"https:\/\/authleticwear.com\/hu\/","name":"Authletic HU","description":"I am Authentic. I am Athletic. I am Authletic.","publisher":{"@id":"https:\/\/authleticwear.com\/hu\/#organization"},"potentialAction":[{"@type":"SearchAction","target":{"@type":"EntryPoint","urlTemplate":"https:\/\/authleticwear.com\/hu\/?s={search_term_string}"},"query-input":{"@type":"PropertyValueSpecification","valueRequired":true,"valueName":"search_term_string"}}],"inLanguage":"hu"},{"@type":"Organization","@id":"https:\/\/authleticwear.com\/hu\/#organization","name":"Authletic HU","url":"https:\/\/authleticwear.com\/hu\/","logo":{"@type":"ImageObject","inLanguage":"hu","@id":"https:\/\/authleticwear.com\/hu\/#\/schema\/logo\/image\/","url":"https:\/\/authleticwear.com\/hu\/wp-content\/uploads\/sites\/8\/2023\/11\/logo-web-authletic.svg","contentUrl":"https:\/\/authleticwear.com\/hu\/wp-content\/uploads\/sites\/8\/2023\/11\/logo-web-authletic.svg","caption":"Authletic HU"},"image":{"@id":"https:\/\/authleticwear.com\/hu\/#\/schema\/logo\/image\/"},"sameAs":["https:\/\/facebook.com\/authletic\/","https:\/\/instagram.com\/authleticwear\/","https:\/\/tiktok.com\/@authletic"]}]}},"_links":{"self":[{"href":"https:\/\/authleticwear.com\/hu\/wp-json\/wp\/v2\/pages\/205","targetHints":{"allow":["GET"]}}],"collection":[{"href":"https:\/\/authleticwear.com\/hu\/wp-json\/wp\/v2\/pages"}],"about":[{"href":"https:\/\/authleticwear.com\/hu\/wp-json\/wp\/v2\/types\/page"}],"author":[{"embeddable":true,"href":"https:\/\/authleticwear.com\/hu\/wp-json\/wp\/v2\/users\/1"}],"replies":[{"embeddable":true,"href":"https:\/\/authleticwear.com\/hu\/wp-json\/wp\/v2\/comments?post=205"}],"version-history":[{"count":3,"href":"https:\/\/authleticwear.com\/hu\/wp-json\/wp\/v2\/pages\/205\/revisions"}],"predecessor-version":[{"id":1117,"href":"https:\/\/authleticwear.com\/hu\/wp-json\/wp\/v2\/pages\/205\/revisions\/1117"}],"wp:attachment":[{"href":"https:\/\/authleticwear.com\/hu\/wp-json\/wp\/v2\/media?parent=205"}],"curies":[{"name":"wp","href":"https:\/\/api.w.org\/{rel}","templated":true}]}}